{"id":1329,"date":"2017-07-13T11:25:04","date_gmt":"2017-07-13T09:25:04","guid":{"rendered":"http:\/\/galerie-kuchling.de\/?page_id=1329"},"modified":"2020-02-27T21:58:48","modified_gmt":"2020-02-27T20:58:48","slug":"bisherige-ausstellungen","status":"publish","type":"page","link":"https:\/\/galerie-kuchling.de\/en\/ausstellungen\/bisherige-ausstellungen\/","title":{"rendered":"Past Exhibitions"},"content":{"rendered":"<p><\/p>\n<p style=\"text-align: center;\"><strong><span style=\"color: #808080;\"><a style=\"color: #808080;\" href=\"https:\/\/berlin.heike-arndt.dk\/\">Collaboration with Galleri Heike Arndt<\/a><\/span> \u2022 <span style=\"color: #ff0000;\"><a style=\"color: #ff0000;\" href=\"https:\/\/galerie-kuchling.de\/en\/ausstellungen\/bisherige-ausstellungen\/mini-maxi-print-berlin-2019\/\">Mini Maxi Print Berlin<\/a><\/span> <span style=\"color: #808080;\">(7th November 2019-28th February 2020)<\/span><\/strong><\/p>\n<p style=\"text-align: center;\"><strong><span style=\"color: #808080;\"><a style=\"color: #808080;\" href=\"http:\/\/www.eduardbigas.com\/\">Eduard Bigas<\/a><\/span> \u2022 <span style=\"color: #ff0000;\"><a style=\"color: #ff0000;\" href=\"https:\/\/galerie-kuchling.de\/en\/ausstellungen\/bisherige-ausstellungen\/eduard-bigas-time-and-the-others-27-september-25-oktober-2019\/\">Time and the Others<\/a><\/span> <span style=\"color: #808080;\">(27th September-25th October 2019)<\/span><\/strong><\/p>\n<p style=\"text-align: center;\"><strong><span style=\"color: #808080;\"><a style=\"color: #808080;\" href=\"https:\/\/www.kevorkmourad.com\/\">Kevork Mourad<\/a><\/span> \u2022<span style=\"color: #ff0000;\"><a style=\"color: #ff0000;\" href=\"https:\/\/galerie-kuchling.de\/en\/aktuell\/kevork-mourad-fears-and-dreams-09-august-15-september-2019\/\"> Fears and Dreams<\/a> <\/span><span style=\"color: #808080;\">(9th August-15th September 2019)<\/span><\/strong><\/p>\n<p style=\"text-align: center;\"><strong><span style=\"color: #808080;\"><a style=\"color: #808080;\" href=\"http:\/\/www.svenja-schueffler.de\">Svenja Sch\u00fcffler<\/a><\/span>\u2022 <span style=\"color: #ff0000;\"><a style=\"color: #ff0000;\" href=\"https:\/\/galerie-kuchling.de\/en\/aktuell\/svenja-schueffler-how-to-manage-the-apocalypse-17-mai-11-juli-2019\/\">How to manage the Apocalypse?<\/a><\/span> <span style=\"color: #808080;\">(17th May-11th July 2019)<\/span><\/strong><\/p>\n<p style=\"text-align: center;\"><strong><a href=\"https:\/\/www.asirart.com\/\" target=\"_blank\" rel=\"noopener noreferrer\"><span style=\"color: #808080;\">Ying-Tung Tseng<\/span><\/a> \u2022 <a href=\"https:\/\/galerie-kuchling.de\/en\/aktuell\/ying-tung-tseng-five-elements-creation-of-earth-29-maerz-3-mai-2019\/\" target=\"_blank\" rel=\"noopener noreferrer\"><span style=\"color: #ff0000;\">Five Elements : Creation of Earth<\/span><\/a> <span style=\"color: #808080;\">(25th March-3rd May 2019)<\/span><br \/>\n<\/strong><\/p>\n<p style=\"text-align: center;\"><a href=\"http:\/\/www.uta-zaumseil.de\/\" target=\"_blank\" rel=\"noopener noreferrer\"><span style=\"color: #808080;\"><strong>Uta Zaumseil<\/strong><\/span> <\/a><strong>\u2022<\/strong> <strong><a href=\"https:\/\/galerie-kuchling.de\/aktuell\/uta-zaumseil-baby-you-can-drive-my-car-25-januar-8-maerz-2019\/\" target=\"_blank\" rel=\"noopener noreferrer\"><span style=\"color: #ff0000;\">Baby, you can drive my car<\/span><\/a> <span style=\"color: #808080;\">(25th January-8th March 2019)<\/span><\/strong><\/p>\n<p style=\"text-align: center;\"><strong><span style=\"color: #808080;\"><a style=\"color: #808080;\" href=\"http:\/\/mettejuul.dk\/\" target=\"_blank\" rel=\"noopener noreferrer\">Mette Juul<\/a> &amp;\u00a0 <a style=\"color: #808080;\" href=\"http:\/\/www.rasmusjohannsen.com\/\" target=\"_blank\" rel=\"noopener noreferrer\">Rasmus S\u00f8ndergaard Johannsen <\/a><\/span>\u2022 <span style=\"color: #ff0000;\"><a style=\"color: #ff0000;\" href=\"https:\/\/galerie-kuchling.de\/en\/aktuell\/mette-juul-rasmus-sondergaard-johannsen-fixations-9-november-2018-11-januar-2019\/\" target=\"_blank\" rel=\"noopener noreferrer\">Fixations<\/a><\/span> <span style=\"color: #808080;\">(9th November 2018-11th January 2019)<\/span><\/strong><\/p>\n<p style=\"text-align: center;\"><strong><span style=\"color: #808080;\">Yamou <\/span>\u2022 <a href=\"http:\/\/galerie-kuchling.de\/aktuell\/yamou-scales-of-life-30-august-19-oktober-2018\/\" target=\"_blank\" rel=\"noopener noreferrer\"><span style=\"color: #ff0000;\">Scales of Life<\/span><\/a><\/strong><span style=\"color: #808080;\"><strong> (30th August-19th October 2018)<\/strong><\/span><\/p>\n<p style=\"text-align: center;\"><strong><span style=\"color: #808080;\">Ying-Tung Tseng \u2022 <span style=\"color: #ff0000;\"><a style=\"color: #ff0000;\" href=\"http:\/\/galerie-kuchling.de\/en\/aktuell\/ying-tung-tseng-five-elements-24-juli-1-august-2018\/\" target=\"_blank\" rel=\"noopener noreferrer\">Five Elements<\/a> <span style=\"color: #808080;\">(24th July-1st August 2018)<\/span><\/span><\/span><\/strong><\/p>\n<p style=\"text-align: center;\"><strong><span style=\"color: #808080;\"><a href=\"https:\/\/www.facebook.com\/Semaan-Khawam-Art-650398968326816\/\" target=\"_blank\" rel=\"noopener noreferrer\"><span style=\"color: #808080;\">Semaan Khawam<\/span><\/a> &amp; <a style=\"color: #808080;\" href=\"http:\/\/www.kevorkmourad.com\" target=\"_blank\" rel=\"noopener noreferrer\">Kevork Mourad<\/a><\/span> \u2022 <a href=\"http:\/\/galerie-kuchling.de\/en\/aktuell\/semaan-khawam-kevork-mourad-roots-and-wings-24-mai-18-juli-2018\/\" target=\"_blank\" rel=\"noopener noreferrer\"><span style=\"color: #ff0000;\">Roots and Wings<\/span> <\/a><span style=\"color: #808080;\">(24th May-17th July 2018)<\/span><\/strong><\/p>\n<p style=\"text-align: center;\"><strong><span style=\"color: #808080;\"><a style=\"color: #808080;\" href=\"https:\/\/www.lucyfarley.com\/\" target=\"_blank\" rel=\"noopener noreferrer\">Lucy Farley <\/a><\/span>\u2022 <span style=\"color: #ff0000;\"><a style=\"color: #ff0000;\" href=\"http:\/\/galerie-kuchling.de\/en\/aktuell\/lucy-farley-road-trip-16-maerz-11-mai-2018\/\" target=\"_blank\" rel=\"noopener noreferrer\"> Road Trip<\/a><\/span> <span style=\"color: #808080;\">(16th March-11th May 2018)<\/span><\/strong><\/p>\n<p style=\"text-align: center;\"><strong><span style=\"color: #808080;\"><a style=\"color: #808080;\" href=\"http:\/\/www.chambre-claire.com\/werner-brunner\/\" target=\"_blank\" rel=\"noopener noreferrer\">Werner Brunner<\/a> <\/span>\u2022 <a href=\"http:\/\/galerie-kuchling.de\/en\/aktuell\/werner-brunner-arche-atlas\/\" target=\"_blank\" rel=\"noopener noreferrer\"><span style=\"color: #ff0000;\">Ark &amp; Atlas. Under the Burden of Reality <\/span><\/a><span style=\"color: #808080;\">(1st February-8th March 2018)<\/span><\/strong><\/p>\n<p style=\"text-align: center;\"><strong><a href=\"http:\/\/www.bedribaykam.com\" target=\"_blank\" rel=\"noopener noreferrer\"><span style=\"color: #808080;\">Bedri Baykam<\/span> <\/a>\u2022 <a href=\"http:\/\/galerie-kuchling.de\/en\/aktuell\/bedri-baykam-bir-haremi-olsun-isterdim-i-wish-i-had-a-harem-27-10-15-12-2017\/\" target=\"_blank\" rel=\"noopener noreferrer\"><span style=\"color: #ff0000;\">Bir Haremim Olsun \u0130sterdim \/ I wish I had a harem<\/span><\/a> <span style=\"color: #808080;\">(October 27, 2017-January 12, 2018)<\/span><\/strong><\/p>\n<p style=\"text-align: center;\"><strong><span style=\"color: #ff0000;\"><span style=\"color: #808080;\"><a href=\"http:\/\/galerie-kuchling.de\/en\/kuenstler\/eduard-bigas\/\" target=\"_blank\" rel=\"noopener noreferrer\">Eduard Bigas<\/a> \u2022 <a href=\"http:\/\/galerie-kuchling.de\/en\/kuenstler\/frank-busk\/\" target=\"_blank\" rel=\"noopener noreferrer\">Frank Busk\u00a0<\/a>\u2022 <a href=\"http:\/\/galerie-kuchling.de\/en\/kuenstler\/peter%20johansson\/\" target=\"_blank\" rel=\"noopener noreferrer\">Peter Johansson<\/a> \u2022 <a href=\"http:\/\/mettejuul.dk\/\" target=\"_blank\" rel=\"noopener noreferrer\">Mette Juul<\/a> \u2022 <a href=\"http:\/\/www.modianomusic.net\/\" target=\"_blank\" rel=\"noopener noreferrer\">Yael Acher &#8220;KAT&#8221; Modiano<\/a>\u00a0\u2022 <a href=\"http:\/\/galerie-kuchling.de\/kuenstler\/english-johanna-rossbach\/\" target=\"_blank\" rel=\"noopener noreferrer\">Johanna Rossbach<\/a> \u2022 <a href=\"http:\/\/www.hstockter.de\/\" target=\"_blank\" rel=\"noopener noreferrer\">Hartmut Stockter <\/a>\u2022 <a href=\"http:\/\/galerie-kuchling.de\/en\/kuenstler\/diana-vishnevskaya-igor-zwetkov\/\" target=\"_blank\" rel=\"noopener noreferrer\">Diana Vishnevskaya &amp; Igor Zwetkow<\/a><\/span>\u00a0<span style=\"color: #808080;\">\u2022<\/span> <a href=\"http:\/\/galerie-kuchling.de\/en\/aktuell\/vineta-pavilion-no-1\" target=\"_blank\" rel=\"noopener noreferrer\">Vineta Pavilion No. 1<\/a><span style=\"color: #808080;\"> \u00a0<\/span><\/span><span style=\"color: #ff0000;\"><span style=\"color: #808080;\">(<span style=\"color: #ff0000;\">Berlin<\/span>: 24th August &#8211; 22nd September &amp; <span style=\"color: #ff0000;\">Venice<\/span>: 7th October &#8211; 3rd November 2017)<\/span><\/span><\/strong><\/p>\n<p style=\"text-align: center;\"><strong><span style=\"color: #808080;\">\u00bb see also: <a href=\"http:\/\/www.vineta-pavilion.org\/en\" target=\"_blank\" rel=\"noopener noreferrer\">www.vineta-pavilion.org\/en<\/a><\/span><\/strong><\/p>\n<p style=\"text-align: center;\"><strong><span style=\"color: #808080;\"><a href=\"http:\/\/galerie-kuchling.de\/en\/kuenstler\/david-demjanovic-jarmila-mitrikova\/\" target=\"_blank\" rel=\"noopener noreferrer\"><span style=\"color: #808080;\">D\u00e1vid Demjanovi\u010d &amp; Jarmila Mitr\u00edkov\u00e1<\/span><\/a> \u2022<\/span> <span style=\"color: #ff0000;\"><a href=\"http:\/\/galerie-kuchling.de\/en\/aktuell\/david-demjanovic-jarmila-mitrikova-%e2%80%a2-hexerei-im-ostblock-8-7-11-8-2017\/\" target=\"_blank\" rel=\"noopener noreferrer\">Hexerei im Ostblock <\/a><span style=\"color: #808080;\">(7th July-11th August 2017)<\/span><\/span><\/strong><\/p>\n<p style=\"text-align: center;\"><strong><span style=\"color: #808080;\"><a style=\"color: #808080;\" href=\"http:\/\/www.huttel.org\/\" target=\"_blank\" rel=\"noopener noreferrer\">S\u00f8ren H\u00fctte<span style=\"color: #808080;\">l<\/span><\/a> \u2022 <a style=\"color: #808080;\" href=\"http:\/\/galerie-kuchling.de\/en\/aktuell\/soren-huettel-a-little-bit-of-soap\/\" target=\"_blank\" rel=\"noopener noreferrer\"><span style=\"color: #ff0000;\">A little bit of soap<\/span> (27th May-30th June 2017)<\/a> <\/span><\/strong><\/p>\n<p style=\"text-align: center;\"><strong><span style=\"color: #ff0000;\"><span style=\"color: #808080;\">Eduard Bigas \u2022<\/span> <a style=\"color: #ff0000;\" href=\"http:\/\/galerie-kuchling.de\/aktuell\/aktuell-eduard-bigas-the-best-of-all-possible-worlds\/\">The best of all possible worlds<\/a>\u00a0 <span style=\"color: #808080;\">(<\/span><span style=\"color: #808080;\">23th March-06th May 2017)<\/span><\/span><\/strong><\/p>\n<p style=\"text-align: center;\"><strong><span style=\"color: #808080;\">Eduard Bigas \u2022 <\/span><a href=\"http:\/\/galerie-kuchling.de\/aktuell\/eduard-bigas-der-geist-der-orte\/\" target=\"_blank\" rel=\"noopener noreferrer\">Der Geist der Orte<\/a><\/strong><\/p>\n<p style=\"text-align: center;\"><strong><span style=\"color: #808080;\">Stefan Theissen &amp; Jan Vedder \u2022 <a href=\"http:\/\/galerie-kuchling.de\/en\/aktuell\/stefan-theissen-jan-vedder-chaiper-chaiper\/\">Chaiper Chaiper<\/a><\/span><\/strong><\/p>\n<p style=\"text-align: center;\"><strong><span style=\"color: #808080;\">Diana Vishevskaya, Igor Zwetkow, J\u00f6rg Schulz &amp; Tadeusz Kovalczyk \u2022<a href=\"http:\/\/galerie-kuchling.de\/en\/aktuell\/diana-vishevskaya-igor-zwetkow-joerg-schulz-tadeusz-kovalczyk-%e2%80%a2-heiter-bis-stuermisch\/\" target=\"_blank\" rel=\"noopener noreferrer\"> Ukraine &#8211; Russland. Heiter bis st\u00fcrmisch<\/a><\/span><\/strong><\/p>\n<p style=\"text-align: center;\"><strong><span style=\"color: #808080;\">Maria Kassab &amp; Semaan Khawam \u2022 <a href=\"http:\/\/galerie-kuchling.de\/en\/aktuell\/maria-kassab-semaan-khawam-%e2%80%a2-displaced-portraits\/\" target=\"_blank\" rel=\"noopener noreferrer\">Displaced Portraits<\/a><\/span><\/strong><\/p>\n<p style=\"text-align: center;\"><strong><span style=\"color: #808080;\">Peter Johansson \u2022 <a href=\"http:\/\/galerie-kuchling.de\/en\/aktuell\/peter-johansson-bet-kindlein-bet-morgen-kommt-der-schwed\/\" target=\"_blank\" rel=\"noopener noreferrer\">Bet Kindlein bet, morgen kommt der Schwed<\/a><\/span><\/strong><\/p>\n<p style=\"text-align: center;\"><strong><span style=\"color: #808080;\">David \u010cern\u00fd \u2022 The X-Ray Cabinet of D. \u010cern\u00fd<\/span><\/strong><\/p>\n<p style=\"text-align: center;\"><strong><span style=\"color: #808080;\">Qwerty \u2022 Qwerty Baking<\/span><\/strong><\/p>\n<p style=\"text-align: center;\"><strong><span style=\"color: #808080;\">Eduard Bigas \u2022 <a href=\"http:\/\/galerie-kuchling.de\/aktuell\/eduard-bigas-carving-metropolis\/\" target=\"_blank\" rel=\"noopener noreferrer\">Carving Metropolis<\/a><\/span><\/strong><\/p>\n<p style=\"text-align: center;\"><strong><span style=\"color: #808080;\">Trau dich Kunst!<\/span><\/strong><\/p>\n<p style=\"text-align: center;\"><strong><span style=\"color: #808080;\">Jan Elh\u00f8j &amp; Morten Kirckhoff \u2022 <a href=\"http:\/\/galerie-kuchling.de\/aktuell\/abadoned-jan-elhoj-%e2%80%a2-morten-kirckhoff\/\" target=\"_blank\" rel=\"noopener noreferrer\">Abandoned<\/a><\/span><\/strong><\/p>\n<p style=\"text-align: center;\"><strong><span style=\"color: #808080;\">Liu Chuanbao \u2022 <a href=\"http:\/\/galerie-kuchling.de\/aktuell\/aktuell\/\" target=\"_blank\" rel=\"noopener noreferrer\">Urban Hormons<\/a><\/span><\/strong><\/p>\n<p style=\"text-align: center;\"><strong><span style=\"color: #808080;\">Miha Erman \u2022 <a href=\"http:\/\/galerie-kuchling.de\/aktuell\/room-with-no-echo-miha-erman\/\" target=\"_blank\" rel=\"noopener noreferrer\">Room with no Echo<\/a><\/span><\/strong><\/p>\n<p style=\"text-align: center;\"><strong><span style=\"color: #808080;\">Tony Benjamin \u2022 <a href=\"http:\/\/galerie-kuchling.de\/aktuell\/tony-benjamin-im-wald-wo-milch-und-honig-fliessen\/\" target=\"_blank\" rel=\"noopener noreferrer\">In the Forest of Milk and Honey<\/a><\/span><\/strong><\/p>\n<p style=\"text-align: center;\"><strong><span style=\"color: #808080;\">Johanna Rossbach \u2022<a href=\"http:\/\/galerie-kuchling.de\/aktuell\/the-impact-of-the-moment-johanna-rossbach\/\" target=\"_blank\" rel=\"noopener noreferrer\"> The Impact of the Moment<\/a><\/span><\/strong><\/p>\n<p style=\"text-align: center;\"><strong><span style=\"color: #808080;\">Jarmila Mitr\u00edkov\u00e1, D\u00e1vod Demjanovi\u010d &amp; Frank Busk \u2022 <a href=\"http:\/\/galerie-kuchling.de\/aktuell\/visions-traditions\/\" target=\"_blank\" rel=\"noopener noreferrer\">Visions &amp; Traditions<\/a><\/span><\/strong><\/p>\n<p><\/p>","protected":false},"excerpt":{"rendered":"<p>Collaboration with Galleri Heike Arndt \u2022 Mini Maxi Print Berlin (7th November 2019-28th February 2020) Eduard Bigas \u2022 Time and the Others (27th September-25th October 2019) Kevork Mourad \u2022 Fears and Dreams (9th August-15th September 2019) Svenja Sch\u00fcffler\u2022 How to manage the Apocalypse? (17th May-11th July 2019) Ying-Tung Tseng \u2022 Five Elements : Creation of Earth (25th March-3rd May 2019) Uta Zaumseil \u2022 Baby, you can drive my car (25th January-8th March 2019) Mette Juul &amp;\u00a0 Rasmus S\u00f8ndergaard Johannsen \u2022 Fixations (9th November 2018-11th January 2019) Yamou \u2022 Scales of Life (30th August-19th October 2018) Ying-Tung Tseng \u2022 Five Elements (24th July-1st August 2018) Semaan Khawam &amp; Kevork Mourad \u2022 Roots and Wings (24th May-17th July 2018) Lucy Farley \u2022 Road Trip (16th March-11th May 2018) Werner Brunner \u2022 Ark &amp; Atlas. Under the Burden of Reality (1st February-8th March 2018) Bedri Baykam \u2022 Bir Haremim Olsun \u0130sterdim \/ I wish I had a harem (October 27, 2017-January 12, 2018) Eduard Bigas \u2022 Frank Busk\u00a0\u2022 Peter Johansson \u2022 Mette Juul \u2022 Yael Acher &#8220;KAT&#8221; Modiano\u00a0\u2022 Johanna Rossbach \u2022 Hartmut Stockter \u2022 Diana Vishnevskaya &amp; Igor Zwetkow\u00a0\u2022 Vineta Pavilion No. 1 \u00a0(Berlin: 24th August &#8211; 22nd September &amp; Venice: 7th October &#8211; 3rd November 2017) \u00bb see also: www.vineta-pavilion.org\/en D\u00e1vid Demjanovi\u010d &amp; Jarmila Mitr\u00edkov\u00e1 \u2022 Hexerei im Ostblock (7th July-11th August 2017) S\u00f8ren H\u00fcttel \u2022 A little bit of soap (27th May-30th June 2017) Eduard Bigas \u2022 The best of all possible worlds\u00a0 (23th March-06th May 2017) Eduard Bigas \u2022 Der Geist der Orte Stefan Theissen &amp; Jan Vedder \u2022 Chaiper Chaiper Diana Vishevskaya, Igor Zwetkow, J\u00f6rg Schulz &amp; Tadeusz Kovalczyk \u2022 Ukraine &#8211; Russland. Heiter bis st\u00fcrmisch Maria Kassab &amp; Semaan Khawam \u2022 Displaced Portraits Peter Johansson \u2022 Bet Kindlein bet, morgen kommt der Schwed David \u010cern\u00fd \u2022 The X-Ray Cabinet of D. \u010cern\u00fd Qwerty \u2022 Qwerty Baking Eduard Bigas \u2022 Carving Metropolis Trau dich Kunst! Jan Elh\u00f8j &amp; Morten Kirckhoff \u2022 Abandoned Liu Chuanbao \u2022 Urban Hormons Miha Erman \u2022 Room with no Echo Tony Benjamin \u2022 In the Forest of Milk and Honey Johanna Rossbach \u2022 The Impact of the Moment Jarmila Mitr\u00edkov\u00e1, D\u00e1vod Demjanovi\u010d &amp; Frank Busk \u2022 Visions &amp; Traditions<\/p>\n","protected":false},"author":1,"featured_media":0,"parent":845,"menu_order":0,"comment_status":"closed","ping_status":"closed","template":"","meta":{"footnotes":""},"class_list":["post-1329","page","type-page","status-publish","hentry"],"_links":{"self":[{"href":"https:\/\/galerie-kuchling.de\/en\/wp-json\/wp\/v2\/pages\/1329","targetHints":{"allow":["GET"]}}],"collection":[{"href":"https:\/\/galerie-kuchling.de\/en\/wp-json\/wp\/v2\/pages"}],"about":[{"href":"https:\/\/galerie-kuchling.de\/en\/wp-json\/wp\/v2\/types\/page"}],"author":[{"embeddable":true,"href":"https:\/\/galerie-kuchling.de\/en\/wp-json\/wp\/v2\/users\/1"}],"replies":[{"embeddable":true,"href":"https:\/\/galerie-kuchling.de\/en\/wp-json\/wp\/v2\/comments?post=1329"}],"version-history":[{"count":30,"href":"https:\/\/galerie-kuchling.de\/en\/wp-json\/wp\/v2\/pages\/1329\/revisions"}],"predecessor-version":[{"id":3489,"href":"https:\/\/galerie-kuchling.de\/en\/wp-json\/wp\/v2\/pages\/1329\/revisions\/3489"}],"up":[{"embeddable":true,"href":"https:\/\/galerie-kuchling.de\/en\/wp-json\/wp\/v2\/pages\/845"}],"wp:attachment":[{"href":"https:\/\/galerie-kuchling.de\/en\/wp-json\/wp\/v2\/media?parent=1329"}],"curies":[{"name":"wp","href":"https:\/\/api.w.org\/{rel}","templated":true}]}}